{"id":83,"date":"2023-02-26T14:24:21","date_gmt":"2023-02-26T13:24:21","guid":{"rendered":"http:\/\/castel-psychanalyse.com\/?page_id=83"},"modified":"2023-08-24T19:41:50","modified_gmt":"2023-08-24T17:41:50","slug":"les-motifs-de-consultation","status":"publish","type":"page","link":"https:\/\/castel-psychanalyse.com\/index.php\/les-motifs-de-consultation\/","title":{"rendered":"LES MOTIFS DE CONSULTATION&#8230;"},"content":{"rendered":"\n<figure class=\"wp-block-gallery has-nested-images columns-default is-cropped wp-block-gallery-1 is-layout-flex wp-block-gallery-is-layout-flex\">\n<figure class=\"wp-block-image size-large\"><img loading=\"lazy\" decoding=\"async\" width=\"1024\" height=\"683\" data-id=\"74\" src=\"https:\/\/castel-psychanalyse.com\/wp-content\/uploads\/2023\/02\/pexels-pixabay-247314-1024x683.jpg\" alt=\"\" class=\"wp-image-74\" srcset=\"https:\/\/castel-psychanalyse.com\/wp-content\/uploads\/2023\/02\/pexels-pixabay-247314-1024x683.jpg 1024w, https:\/\/castel-psychanalyse.com\/wp-content\/uploads\/2023\/02\/pexels-pixabay-247314-300x200.jpg 300w, https:\/\/castel-psychanalyse.com\/wp-content\/uploads\/2023\/02\/pexels-pixabay-247314-768x513.jpg 768w, https:\/\/castel-psychanalyse.com\/wp-content\/uploads\/2023\/02\/pexels-pixabay-247314-1536x1025.jpg 1536w\" sizes=\"auto, (max-width: 1024px) 100vw, 1024px\" \/><\/figure>\n\n\n\n<figure class=\"wp-block-image size-large\"><a href=\"https:\/\/castel-psychanalyse.com\/wp-content\/uploads\/2023\/02\/pexels-spencer-selover-775417-scaled.jpg\"><img loading=\"lazy\" decoding=\"async\" width=\"1024\" height=\"684\" data-id=\"78\" src=\"https:\/\/castel-psychanalyse.com\/wp-content\/uploads\/2023\/02\/pexels-spencer-selover-775417-1024x684.jpg\" alt=\"\" class=\"wp-image-78\" srcset=\"https:\/\/castel-psychanalyse.com\/wp-content\/uploads\/2023\/02\/pexels-spencer-selover-775417-1024x684.jpg 1024w, https:\/\/castel-psychanalyse.com\/wp-content\/uploads\/2023\/02\/pexels-spencer-selover-775417-300x200.jpg 300w, https:\/\/castel-psychanalyse.com\/wp-content\/uploads\/2023\/02\/pexels-spencer-selover-775417-768x513.jpg 768w, https:\/\/castel-psychanalyse.com\/wp-content\/uploads\/2023\/02\/pexels-spencer-selover-775417-1536x1025.jpg 1536w, https:\/\/castel-psychanalyse.com\/wp-content\/uploads\/2023\/02\/pexels-spencer-selover-775417-2048x1367.jpg 2048w, https:\/\/castel-psychanalyse.com\/wp-content\/uploads\/2023\/02\/pexels-spencer-selover-775417-90x60.jpg 90w\" sizes=\"auto, (max-width: 1024px) 100vw, 1024px\" \/><\/a><\/figure>\n<\/figure>\n\n\n\n<div style=\"height:41px\" aria-hidden=\"true\" class=\"wp-block-spacer\"><\/div>\n\n\n\n<p><strong>Les angoisses et troubles anxieux<\/strong>, ils se caract\u00e9risent par des inqui\u00e9tudes permanentes sans motif apparent&nbsp;qui apparaissent&nbsp;sous n\u2018importe quel pr\u00e9texte. <br>Des exc\u00e8s d\u2019angoisse pure peuvent survenir&nbsp;inopin\u00e9ment accompagn\u00e9s de manifestations somatiques (palpitations, vertiges, tremblements, troubles digestifs\u2026).<\/p>\n\n\n\n<hr class=\"wp-block-separator has-text-color has-alpha-channel-opacity has-background\" style=\"background-color:#57a8c2;color:#57a8c2\"\/>\n\n\n\n<p><strong>Les \u00e9tats d\u00e9pressifs<\/strong> sont caract\u00e9ris\u00e9s par des troubles de l\u2019humeur : grande tristesse, perte de plaisir et d\u2019envie, d\u00e9pr\u00e9ciation, perte d\u2019app\u00e9tit, troubles musculaires&nbsp;&#8230;<\/p>\n\n\n\n<hr class=\"wp-block-separator has-text-color has-alpha-channel-opacity has-background\" style=\"background-color:#57a8c2;color:#57a8c2\"\/>\n\n\n\n<p><strong>Les traumatismes<\/strong> : le trauma appara\u00eet en g\u00e9n\u00e9ral \u00e0 la suite d\u2019un choc \u00e9motif tr\u00e8s intense<em> (accident, mort brutale, attentat, abus&#8230;)<\/em> amenant une menace extr\u00eame sur la vie. Les sympt\u00f4mes rencontr\u00e9s lors d\u2019un traumatisme sont : sentiments de peur intense, tremblements, transpiration excessive, des flash- back, des pens\u00e9es incontr\u00f4lables qui reviennent \u00e0 l \u2018esprit, troubles du sommeil, un besoin d\u2019\u00eatre continuellement en alerte, difficult\u00e9 \u00e0 effectuer les actes courants de la vie, pens\u00e9e suicidaire&#8230;<\/p>\n\n\n\n<hr class=\"wp-block-separator has-text-color has-alpha-channel-opacity has-background\" style=\"background-color:#57a8c2;color:#57a8c2\"\/>\n\n\n\n<p><strong>Deuil<\/strong> : accompagnement lors&nbsp;les diff\u00e9rentes phases de deuil : le d\u00e9ni, la col\u00e8re, le marchandage, la d\u00e9pression et l \u2018acceptation&#8230;&nbsp;Le temps d\u2019accompagnement lors d\u2019un deuil peut \u00eatre variable selon les personnes. <\/p>\n\n\n\n<p><strong>Le deuil pathologique<\/strong> qui par sa longueur et son intensit\u00e9 est consid\u00e9r\u00e9 comme complexe.&nbsp;<\/p>\n\n\n\n<p><strong>La perte<\/strong> : la perte d\u2019un emploi, un d\u00e9m\u00e9nagement ou une s\u00e9paration difficile pouvant occasionner des difficult\u00e9s psychologiques.&nbsp;<\/p>\n\n\n\n<hr class=\"wp-block-separator has-text-color has-alpha-channel-opacity has-background\" style=\"background-color:#57a8c2;color:#57a8c2\"\/>\n\n\n\n<p><strong>Les maladies psychosomatiques<\/strong> d\u00e9signent des troubles occasionn\u00e9s par des facteurs psychiques pouvant affecter un organe ou un syst\u00e8me physiologique. <br>Un&nbsp; stress intense&nbsp; peut \u00eatre un facteur qui favorise une maladie psychosomatique.<\/p>\n\n\n\n<hr class=\"wp-block-separator has-text-color has-alpha-channel-opacity has-background\" style=\"background-color:#57a8c2;color:#57a8c2\"\/>\n\n\n\n<p><strong>Troubles phobiques et obsessionnels&nbsp;: <\/strong><\/p>\n\n\n\n<ul class=\"wp-block-list\">\n<li><em>Agoraphobie<\/em> : peur&nbsp; d\u2018affronter les grands espaces d\u00e9couverts (rue , place) ou de se retrouver au milieu d\u2019une foule avec une crainte de ne pouvoir se retirer rapidement.<\/li>\n\n\n\n<li><em>Phobie sociale<\/em> : peur de prendre la parole en public, d&rsquo;affronter le regard, d\u2019\u00e9crire devant quelqu\u2019un.&nbsp;<\/li>\n\n\n\n<li><em>Nosophobie<\/em> : crainte d\u2019\u00eatre atteint d\u2019une maladie grave.<\/li>\n\n\n\n<li><em>Dysmorphophobie<\/em> : pens\u00e9e obs\u00e9dante sur une imperfection physique donnant lieu \u00e0 une souffrance.&nbsp;<\/li>\n\n\n\n<li><em>Obsessions d\u2019id\u00e9es<\/em> : ressassements d\u2019id\u00e9es et de ruminations obs\u00e9dantes.<\/li>\n\n\n\n<li><em>Obsessions phobiques<\/em> : crainte d\u2019une situation redout\u00e9e.<\/li>\n\n\n\n<li><em>TOC <\/em>(Troubles Obsessionnels Compulsifs) : les compulsions constituent en des actes non g\u00e9r\u00e9s et forc\u00e9s \u00e0 ex\u00e9cuter afin de faire diminuer l\u2018angoisse ex : lavage des mains, v\u00e9rification et contr\u00f4le, habillage&#8230;<\/li>\n<\/ul>\n\n\n\n<hr class=\"wp-block-separator has-text-color has-alpha-channel-opacity has-background\" style=\"background-color:#57a8c2;color:#57a8c2\"\/>\n\n\n\n<ul class=\"wp-block-list\">\n<li><strong>Le Burn Out<\/strong>&nbsp;est un \u00e9puisement physique et mental r\u00e9sultant d\u2019une situation tr\u00e8s \u00e9prouvante et exigeante <em>(travail , relation avec les enfants, burn out parental&#8230;)<\/em>.<\/li>\n<\/ul>\n\n\n\n<hr class=\"wp-block-separator has-text-color has-alpha-channel-opacity has-background\" style=\"background-color:#57a8c2;color:#57a8c2\"\/>\n\n\n\n<ul class=\"wp-block-list\">\n<li><strong>Grossesse difficile \/ pathologique<\/strong>&nbsp;: Difficult\u00e9s rencontr\u00e9s lors de la grossesse : risque de pr\u00e9maturit\u00e9, acceptation du changement physiologique et psychique, inqui\u00e9tudes, craintes de l\u2018accouchement.<\/li>\n\n\n\n<li><strong>Parcours PMA<em>&nbsp;(Programmation M\u00e9dicalement Assist\u00e9e)<\/em><\/strong> : accompagnement psychologique dans le parcours m\u00e9dical.<\/li>\n\n\n\n<li><strong>La d\u00e9pression Post Partum&nbsp;<\/strong>peut survenir quelques temps apr\u00e8s l\u2018accouchement qui se caract\u00e9rise par une grande fatigue, irritabilit\u00e9, difficult\u00e9 \u00e0 s\u2019occuper de son b\u00e9b\u00e9, d\u00e9valorisation dans son r\u00f4le de m\u00e8re&#8230;&nbsp;Ces sympt\u00f4mes peuvent \u00eatre courants apr\u00e8s un accouchement c\u2018est ce que l\u2018on nomme le <br>\u201c baby blues\u201d mais cet \u00e9tat ne dure pas, \u00e0 la diff\u00e9rence de la d\u00e9pression.<\/li>\n<\/ul>\n\n\n\n<hr class=\"wp-block-separator has-text-color has-alpha-channel-opacity has-background\" style=\"background-color:#57a8c2;color:#57a8c2\"\/>\n\n\n\n<ul class=\"wp-block-list\">\n<li><strong>Guidance Parentale<\/strong>&nbsp;: pr\u00e9occupations concernant le sommeil, l\u2018alimentation, la propret\u00e9&nbsp;du b\u00e9b\u00e9 et toutes interrogations concernant le d\u00e9veloppement.&nbsp;<\/li>\n\n\n\n<li><strong>Th\u00e9rapie de l\u2018enfant<\/strong>&nbsp;: difficult\u00e9 relationnelle, difficult\u00e9 dans l \u2018apprentissage, relation conflictuelle&#8230;&nbsp;<\/li>\n<\/ul>\n","protected":false},"excerpt":{"rendered":"<p>Les angoisses et troubles anxieux, ils se caract\u00e9risent par des inqui\u00e9tudes permanentes sans motif apparent&nbsp;qui apparaissent&nbsp;sous n\u2018importe quel pr\u00e9texte. Des exc\u00e8s d\u2019angoisse pure peuvent survenir&nbsp;inopin\u00e9ment accompagn\u00e9s de manifestations somatiques (palpitations, vertiges, tremblements, troubles digestifs\u2026). Les \u00e9tats d\u00e9pressifs sont caract\u00e9ris\u00e9s par des troubles de l\u2019humeur : grande tristesse, perte de plaisir et d\u2019envie, d\u00e9pr\u00e9ciation, perte d\u2019app\u00e9tit, &hellip; <\/p>\n","protected":false},"author":1,"featured_media":0,"parent":0,"menu_order":0,"comment_status":"closed","ping_status":"closed","template":"","meta":{"footnotes":""},"class_list":["post-83","page","type-page","status-publish","hentry"],"yoast_head":"<!-- This site is optimized with the Yoast SEO plugin v21.1 - https:\/\/yoast.com\/wordpress\/plugins\/seo\/ -->\n<title>LES MOTIFS DE CONSULTATION... - Karine Castel - Psychanalyste et Sophrologue %<\/title>\n<meta name=\"robots\" content=\"index, follow, max-snippet:-1, max-image-preview:large, max-video-preview:-1\" \/>\n<link rel=\"canonical\" href=\"https:\/\/castel-psychanalyse.com\/index.php\/les-motifs-de-consultation\/\" \/>\n<meta property=\"og:locale\" content=\"fr_FR\" \/>\n<meta property=\"og:type\" content=\"article\" \/>\n<meta property=\"og:title\" content=\"LES MOTIFS DE CONSULTATION... - Karine Castel - Psychanalyste et Sophrologue %\" \/>\n<meta property=\"og:description\" content=\"Les angoisses et troubles anxieux, ils se caract\u00e9risent par des inqui\u00e9tudes permanentes sans motif apparent&nbsp;qui apparaissent&nbsp;sous n\u2018importe quel pr\u00e9texte. Des exc\u00e8s d\u2019angoisse pure peuvent survenir&nbsp;inopin\u00e9ment accompagn\u00e9s de manifestations somatiques (palpitations, vertiges, tremblements, troubles digestifs\u2026). Les \u00e9tats d\u00e9pressifs sont caract\u00e9ris\u00e9s par des troubles de l\u2019humeur : grande tristesse, perte de plaisir et d\u2019envie, d\u00e9pr\u00e9ciation, perte d\u2019app\u00e9tit, &hellip;\" \/>\n<meta property=\"og:url\" content=\"https:\/\/castel-psychanalyse.com\/index.php\/les-motifs-de-consultation\/\" \/>\n<meta property=\"og:site_name\" content=\"Karine Castel - Psychanalyste et Sophrologue\" \/>\n<meta property=\"article:modified_time\" content=\"2023-08-24T17:41:50+00:00\" \/>\n<meta property=\"og:image\" content=\"https:\/\/castel-psychanalyse.com\/wp-content\/uploads\/2023\/02\/pexels-pixabay-247314-1024x683.jpg\" \/>\n<meta name=\"twitter:card\" content=\"summary_large_image\" \/>\n<meta name=\"twitter:label1\" content=\"Dur\u00e9e de lecture estim\u00e9e\" \/>\n\t<meta name=\"twitter:data1\" content=\"3 minutes\" \/>\n<script type=\"application\/ld+json\" class=\"yoast-schema-graph\">{\"@context\":\"https:\/\/schema.org\",\"@graph\":[{\"@type\":\"WebPage\",\"@id\":\"https:\/\/castel-psychanalyse.com\/index.php\/les-motifs-de-consultation\/\",\"url\":\"https:\/\/castel-psychanalyse.com\/index.php\/les-motifs-de-consultation\/\",\"name\":\"LES MOTIFS DE CONSULTATION... - Karine Castel - Psychanalyste et Sophrologue %\",\"isPartOf\":{\"@id\":\"https:\/\/castel-psychanalyse.com\/#website\"},\"datePublished\":\"2023-02-26T13:24:21+00:00\",\"dateModified\":\"2023-08-24T17:41:50+00:00\",\"breadcrumb\":{\"@id\":\"https:\/\/castel-psychanalyse.com\/index.php\/les-motifs-de-consultation\/#breadcrumb\"},\"inLanguage\":\"fr-FR\",\"potentialAction\":[{\"@type\":\"ReadAction\",\"target\":[\"https:\/\/castel-psychanalyse.com\/index.php\/les-motifs-de-consultation\/\"]}]},{\"@type\":\"BreadcrumbList\",\"@id\":\"https:\/\/castel-psychanalyse.com\/index.php\/les-motifs-de-consultation\/#breadcrumb\",\"itemListElement\":[{\"@type\":\"ListItem\",\"position\":1,\"name\":\"Accueil\",\"item\":\"https:\/\/castel-psychanalyse.com\/\"},{\"@type\":\"ListItem\",\"position\":2,\"name\":\"LES MOTIFS DE CONSULTATION&#8230;\"}]},{\"@type\":\"WebSite\",\"@id\":\"https:\/\/castel-psychanalyse.com\/#website\",\"url\":\"https:\/\/castel-psychanalyse.com\/\",\"name\":\"Karine Castel - Psychanalyste et Sophrologue\",\"description\":\"Karine Castel - Psychanalyste et Sophrologue\",\"publisher\":{\"@id\":\"https:\/\/castel-psychanalyse.com\/#organization\"},\"potentialAction\":[{\"@type\":\"SearchAction\",\"target\":{\"@type\":\"EntryPoint\",\"urlTemplate\":\"https:\/\/castel-psychanalyse.com\/?s={search_term_string}\"},\"query-input\":\"required name=search_term_string\"}],\"inLanguage\":\"fr-FR\"},{\"@type\":\"Organization\",\"@id\":\"https:\/\/castel-psychanalyse.com\/#organization\",\"name\":\"Karine Castel\",\"url\":\"https:\/\/castel-psychanalyse.com\/\",\"logo\":{\"@type\":\"ImageObject\",\"inLanguage\":\"fr-FR\",\"@id\":\"https:\/\/castel-psychanalyse.com\/#\/schema\/logo\/image\/\",\"url\":\"https:\/\/castel-psychanalyse.com\/wp-content\/uploads\/2023\/02\/cropped-BANNIERE-SITE.png\",\"contentUrl\":\"https:\/\/castel-psychanalyse.com\/wp-content\/uploads\/2023\/02\/cropped-BANNIERE-SITE.png\",\"width\":1300,\"height\":500,\"caption\":\"Karine Castel\"},\"image\":{\"@id\":\"https:\/\/castel-psychanalyse.com\/#\/schema\/logo\/image\/\"}}]}<\/script>\n<!-- \/ Yoast SEO plugin. -->","yoast_head_json":{"title":"LES MOTIFS DE CONSULTATION... - Karine Castel - Psychanalyste et Sophrologue %","robots":{"index":"index","follow":"follow","max-snippet":"max-snippet:-1","max-image-preview":"max-image-preview:large","max-video-preview":"max-video-preview:-1"},"canonical":"https:\/\/castel-psychanalyse.com\/index.php\/les-motifs-de-consultation\/","og_locale":"fr_FR","og_type":"article","og_title":"LES MOTIFS DE CONSULTATION... - Karine Castel - Psychanalyste et Sophrologue %","og_description":"Les angoisses et troubles anxieux, ils se caract\u00e9risent par des inqui\u00e9tudes permanentes sans motif apparent&nbsp;qui apparaissent&nbsp;sous n\u2018importe quel pr\u00e9texte. Des exc\u00e8s d\u2019angoisse pure peuvent survenir&nbsp;inopin\u00e9ment accompagn\u00e9s de manifestations somatiques (palpitations, vertiges, tremblements, troubles digestifs\u2026). Les \u00e9tats d\u00e9pressifs sont caract\u00e9ris\u00e9s par des troubles de l\u2019humeur : grande tristesse, perte de plaisir et d\u2019envie, d\u00e9pr\u00e9ciation, perte d\u2019app\u00e9tit, &hellip;","og_url":"https:\/\/castel-psychanalyse.com\/index.php\/les-motifs-de-consultation\/","og_site_name":"Karine Castel - Psychanalyste et Sophrologue","article_modified_time":"2023-08-24T17:41:50+00:00","og_image":[{"url":"https:\/\/castel-psychanalyse.com\/wp-content\/uploads\/2023\/02\/pexels-pixabay-247314-1024x683.jpg"}],"twitter_card":"summary_large_image","twitter_misc":{"Dur\u00e9e de lecture estim\u00e9e":"3 minutes"},"schema":{"@context":"https:\/\/schema.org","@graph":[{"@type":"WebPage","@id":"https:\/\/castel-psychanalyse.com\/index.php\/les-motifs-de-consultation\/","url":"https:\/\/castel-psychanalyse.com\/index.php\/les-motifs-de-consultation\/","name":"LES MOTIFS DE CONSULTATION... - Karine Castel - Psychanalyste et Sophrologue %","isPartOf":{"@id":"https:\/\/castel-psychanalyse.com\/#website"},"datePublished":"2023-02-26T13:24:21+00:00","dateModified":"2023-08-24T17:41:50+00:00","breadcrumb":{"@id":"https:\/\/castel-psychanalyse.com\/index.php\/les-motifs-de-consultation\/#breadcrumb"},"inLanguage":"fr-FR","potentialAction":[{"@type":"ReadAction","target":["https:\/\/castel-psychanalyse.com\/index.php\/les-motifs-de-consultation\/"]}]},{"@type":"BreadcrumbList","@id":"https:\/\/castel-psychanalyse.com\/index.php\/les-motifs-de-consultation\/#breadcrumb","itemListElement":[{"@type":"ListItem","position":1,"name":"Accueil","item":"https:\/\/castel-psychanalyse.com\/"},{"@type":"ListItem","position":2,"name":"LES MOTIFS DE CONSULTATION&#8230;"}]},{"@type":"WebSite","@id":"https:\/\/castel-psychanalyse.com\/#website","url":"https:\/\/castel-psychanalyse.com\/","name":"Karine Castel - Psychanalyste et Sophrologue","description":"Karine Castel - Psychanalyste et Sophrologue","publisher":{"@id":"https:\/\/castel-psychanalyse.com\/#organization"},"potentialAction":[{"@type":"SearchAction","target":{"@type":"EntryPoint","urlTemplate":"https:\/\/castel-psychanalyse.com\/?s={search_term_string}"},"query-input":"required name=search_term_string"}],"inLanguage":"fr-FR"},{"@type":"Organization","@id":"https:\/\/castel-psychanalyse.com\/#organization","name":"Karine Castel","url":"https:\/\/castel-psychanalyse.com\/","logo":{"@type":"ImageObject","inLanguage":"fr-FR","@id":"https:\/\/castel-psychanalyse.com\/#\/schema\/logo\/image\/","url":"https:\/\/castel-psychanalyse.com\/wp-content\/uploads\/2023\/02\/cropped-BANNIERE-SITE.png","contentUrl":"https:\/\/castel-psychanalyse.com\/wp-content\/uploads\/2023\/02\/cropped-BANNIERE-SITE.png","width":1300,"height":500,"caption":"Karine Castel"},"image":{"@id":"https:\/\/castel-psychanalyse.com\/#\/schema\/logo\/image\/"}}]}},"_links":{"self":[{"href":"https:\/\/castel-psychanalyse.com\/index.php\/wp-json\/wp\/v2\/pages\/83","targetHints":{"allow":["GET"]}}],"collection":[{"href":"https:\/\/castel-psychanalyse.com\/index.php\/wp-json\/wp\/v2\/pages"}],"about":[{"href":"https:\/\/castel-psychanalyse.com\/index.php\/wp-json\/wp\/v2\/types\/page"}],"author":[{"embeddable":true,"href":"https:\/\/castel-psychanalyse.com\/index.php\/wp-json\/wp\/v2\/users\/1"}],"replies":[{"embeddable":true,"href":"https:\/\/castel-psychanalyse.com\/index.php\/wp-json\/wp\/v2\/comments?post=83"}],"version-history":[{"count":7,"href":"https:\/\/castel-psychanalyse.com\/index.php\/wp-json\/wp\/v2\/pages\/83\/revisions"}],"predecessor-version":[{"id":146,"href":"https:\/\/castel-psychanalyse.com\/index.php\/wp-json\/wp\/v2\/pages\/83\/revisions\/146"}],"wp:attachment":[{"href":"https:\/\/castel-psychanalyse.com\/index.php\/wp-json\/wp\/v2\/media?parent=83"}],"curies":[{"name":"wp","href":"https:\/\/api.w.org\/{rel}","templated":true}]}}